{"id":21,"date":"2024-10-14T08:54:21","date_gmt":"2024-10-14T06:54:21","guid":{"rendered":"https:\/\/psychotherapie-gruenwald.de\/site\/?page_id=21"},"modified":"2024-10-14T11:01:14","modified_gmt":"2024-10-14T09:01:14","slug":"datenschutz-haftungsausschluss","status":"publish","type":"page","link":"https:\/\/psychotherapie-gruenwald.de\/site\/datenschutz-haftungsausschluss\/","title":{"rendered":"Datenschutz"},"content":{"rendered":"\n<p><strong>Datenschutzerkl\u00e4rung Website<\/strong><br><strong>I. Name und Anschrift des Verantwortlichen<\/strong><br>Der Verantwortliche im Sinne der Datenschutz-Grundverordnung und anderer nationaler Datenschutzgesetze der Mitgliedsstaaten sowie sonstiger datenschutzrechtlicher Bestimmungen ist:<br><br>Dr. rer. nat. Dipl. psych. Julia Gr\u00fcnwald<br>Pfauhauser Str. 26<br>73240 Wendlingen<br>Telefon: 07024 &#8211; 2981<br>Fax: 07024-928071<br>E-Mail: info@psychotherapie-gruenwald.eu<br>Website: www.psychotherapie-gruenwald.eu<br><strong>II. Name und Anschrift des Datenschutzbeauftragten<\/strong><br>Der Datenschutzbeauftragte des Verantwortlichen ist:<br><br>Dr. rer. nat. Dipl. psych. Julia Gr\u00fcnwald<br>Pfauhauser Str. 26<br>73240 Wendlingen<br>Telefon: 07024 &#8211; 2981<br>E-Mail: mail@psychotherapie-gruenwald.eu<br>Website: www.psychotherapie-gruenwald.eu<br><strong>III. Allgemeines zur Datenverarbeitung<\/strong><br><strong>Umfang der Verarbeitung personenbezogener Daten<\/strong><br>Wir erheben und verwenden personenbezogene Daten unserer Nutzer grunds\u00e4tzlich nur, soweit dies zur Bereitstellung einer funktionsf\u00e4higen Website sowie unserer Inhalte und Leistungen erforderlich ist. Die Erhebung und Verwendung personenbezogener Daten unserer Nutzer erfolgt regelm\u00e4\u00dfig nur nach Einwilligung des Nutzers. Eine Ausnahme gilt in solchen F\u00e4llen, in denen eine vorherige Einholung einer Einwilligung aus tats\u00e4chlichen Gr\u00fcnden nicht m\u00f6glich ist und die Verarbeitung der Daten durch gesetzliche Vorschriften gestattet ist.<br><strong>Rechtsgrundlage f\u00fcr die Verarbeitung personenbezogener Daten<\/strong><br>Soweit wir f\u00fcr Verarbeitungsvorg\u00e4nge personenbezogener Daten eine Einwilligung der betroffenen Person einholen, dient Art.\u00a06 Abs.\u00a01 lit.\u00a0a EU-Datenschutzgrundverordnung (DSGVO) als Rechtsgrundlage. Bei der Verarbeitung von personenbezogenen Daten, die zur Erf\u00fcllung eines Vertrages, dessen Vertragspartei die betroffene Person ist, erforderlich ist, dient Art.\u00a06 Abs.\u00a01 lit.\u00a0b DSGVO als Rechtsgrundlage. Dies gilt auch f\u00fcr Verarbeitungsvorg\u00e4nge, die zur Durchf\u00fchrung vorvertraglicher Ma\u00dfnahmen erforderlich sind. Soweit eine Verarbeitung personenbezogener Daten zur Erf\u00fcllung einer rechtlichen Verpflichtung erforderlich ist, der unser Unternehmen unterliegt, dient Art.\u00a06 Abs.\u00a01 lit.\u00a0c DSGVO als Rechtsgrundlage. F\u00fcr den Fall, dass lebenswichtige Interessen der betroffenen Person oder einer anderen nat\u00fcrlichen Person eine Verarbeitung personenbezogener Daten erforderlich machen, dient Art.\u00a06 Abs.\u00a01 lit.\u00a0d DSGVO als Rechtsgrundlage. Ist die Verarbeitung zur Wahrung eines berechtigten Interesses unseres Unternehmens oder eines Dritten erforderlich und \u00fcberwiegen die Interessen, Grundrechte und Grundfreiheiten des Betroffenen das erstgenannte Interesse nicht, so dient Art.\u00a06 Abs.\u00a01 lit.\u00a0f DSGVO als Rechtsgrundlage f\u00fcr die Verarbeitung.<br><strong>Datenl\u00f6schung und Speicherdauer<\/strong><br>Die personenbezogenen Daten der betroffenen Person werden gel\u00f6scht oder gesperrt, sobald der Zweck der Speicherung entf\u00e4llt. Eine Speicherung kann dar\u00fcber hinaus erfolgen, wenn dies durch den europ\u00e4ischen oder nationalen Gesetzgeber in unionsrechtlichen Verordnungen, Gesetzen oder sonstigen Vorschriften, denen der Verantwortliche unterliegt, vorgesehen wurde. Eine Sperrung oder L\u00f6schung der Daten erfolgt auch dann, wenn eine durch die genannten Normen vorgeschriebene Speicherfrist abl\u00e4uft, es sei denn, dass eine Erforderlichkeit zur weiteren Speicherung der Daten f\u00fcr einen Vertragsabschluss oder eine Vertragserf\u00fcllung besteht.<br><strong>Bereitstellung der Website und Erstellung von Logfiles<\/strong><br><strong>Cookies<\/strong><br>Die Internetseiten verwenden teilweise so genannte Cookies. Cookies richten auf Ihrem Rechner keinen Schaden an und enthalten keine Viren. Cookies dienen dazu, unser Angebot nutzerfreundlicher, effektiver und sicherer zu machen. Cookies sind kleine Textdateien, die auf Ihrem Rechner abgelegt werden und die Ihr Browser speichert. Die meisten der von uns verwendeten Cookies sind so genannte \u201cSession-Cookies\u201d. Sie werden nach Ende Ihres Besuchs automatisch gel\u00f6scht. Andere Cookies bleiben auf Ihrem Endger\u00e4t gespeichert bis Sie diese l\u00f6schen. Diese Cookies erm\u00f6glichen es uns, Ihren Browser beim n\u00e4chsten Besuch wiederzuerkennen. Sie k\u00f6nnen Ihren Browser so einstellen, dass Sie \u00fcber das Setzen von Cookies informiert werden und Cookies nur im Einzelfall erlauben, die Annahme von Cookies f\u00fcr bestimmte F\u00e4lle oder generell ausschlie\u00dfen sowie das automatische L\u00f6schen der Cookies beim Schlie\u00dfen des Browser aktivieren. Bei der Deaktivierung von Cookies kann die Funktionalit\u00e4t dieser Website eingeschr\u00e4nkt sein. Cookies, die zur Durchf\u00fchrung des elektronischen Kommunikationsvorgangs oder zur Bereitstellung bestimmter, von Ihnen erw\u00fcnschter Funktionen (z.B. Warenkorbfunktion) erforderlich sind, werden auf Grundlage von Art. 6 Abs. 1 lit. f DSGVO gespeichert. Der Websitebetreiber hat ein berechtigtes Interesse an der Speicherung von Cookies zur technisch fehlerfreien und optimierten Bereitstellung seiner Dienste. Soweit andere Cookies (z.B. Cookies zur Analyse Ihres Surfverhaltens) gespeichert werden, werden diese in dieser Datenschutzerkl\u00e4rung gesondert behandelt.<br><strong>Server-Log-Dateien<\/strong><br>Der Provider der Seiten erhebt speichert automatisch Informationen in so genannten Server-Log-Dateien, die Ihr Browser automatisch an uns \u00fcbermittelt. Dies sind:<br>Browsertyp und Browserversion<br>verwendetes Betriebssystem<br>Referrer URL<br>Hostname des zugreifenden Rechners<br>Uhrzeit der Serveranfrage<br>IP-Adresse<br>Eine Zusammenf\u00fchrung dieser Daten mit anderen Datenquellen wird nicht vorgenommen. Grundlage f\u00fcr die Datenverarbeitung ist Art. 6 Abs. 1 lit. f DSGVO, der die Verarbeitung von Daten zur Erf\u00fcllung eines Vertrags oder vorvertraglicher Ma\u00dfnahmen gestattet.<br><strong>Kontaktformular und E-Mail-Kontakt<\/strong><br><strong>Beschreibung und Umfang der Datenverarbeitung<\/strong><br>Auf unserer Internetseite ist ein Kontaktformular vorhanden, welches f\u00fcr die elektronische Kontaktaufnahme genutzt werden kann. Nimmt ein Nutzer diese M\u00f6glichkeit wahr, so werden die in der Eingabemaske eingegeben Daten an uns \u00fcbermittelt und gespeichert. Diese Daten sind: Name, Vorname, Anschrift, Telefonnummer, E-mail, Krankenkasse, Geburtsdatum, Wunschtermin, Freitext Zum Zeitpunkt der Absendung der Nachricht werden zudem folgende Daten gespeichert: IP-Adresse des Nutzers, Datum und Uhrzeit der Registrierung F\u00fcr die Verarbeitung der Daten wird im Rahmen des Absendevorgangs Ihre Einwilligung eingeholt und auf diese Datenschutzerkl\u00e4rung verwiesen. Alternativ ist eine Kontaktaufnahme \u00fcber die bereitgestellte E-Mail-Adresse m\u00f6glich. In diesem Fall werden die mit der E-Mail \u00fcbermittelten personenbezogenen Daten des Nutzers gespeichert. Es erfolgt in diesem Zusammenhang keine Weitergabe der Daten an Dritte. Die Daten werden ausschlie\u00dflich f\u00fcr die Verarbeitung der Konversation verwendet.<br><strong>Rechtsgrundlage f\u00fcr die Datenverarbeitung<\/strong><br>Rechtsgrundlage f\u00fcr die Verarbeitung der Daten ist bei Vorliegen einer Einwilligung des Nutzers Art.\u00a06 Abs.\u00a01 lit.\u00a0a DSGVO. Rechtsgrundlage f\u00fcr die Verarbeitung der Daten, die im Zuge einer \u00dcbersendung einer E-Mail \u00fcbermittelt werden, ist Art.\u00a06 Abs.\u00a01 lit.\u00a0f DSGVO. Zielt der E-Mail-Kontakt auf den Abschluss eines Vertrages ab, so ist zus\u00e4tzliche Rechtsgrundlage f\u00fcr die Verarbeitung Art.\u00a06 Abs.\u00a01 lit.\u00a0b DSGVO.<br><strong>Zweck der Datenverarbeitung<\/strong><br>Die Verarbeitung der personenbezogenen Daten aus der Eingabemaske dient uns allein zur Bearbeitung der Kontaktaufnahme. Im Falle einer Kontaktaufnahme per E-Mail liegt hieran auch das erforderliche berechtigte Interesse an der Verarbeitung der Daten. Die sonstigen w\u00e4hrend des Absendevorgangs verarbeiteten personenbezogenen Daten dienen dazu, einen Missbrauch des Kontaktformulars zu verhindern und die Sicherheit unserer informationstechnischen Systeme sicherzustellen.<br><strong>Dauer der Speicherung<\/strong><br>Die Daten werden gel\u00f6scht, sobald sie f\u00fcr die Erreichung des Zweckes ihrer Erhebung nicht mehr erforderlich sind. F\u00fcr die personenbezogenen Daten aus der Eingabemaske des Kontaktformulars und diejenigen, die per E-Mail \u00fcbersandt wurden, ist dies dann der Fall, wenn die jeweilige Konversation mit dem Nutzer beendet ist. Beendet ist die Konversation dann, wenn sich aus den Umst\u00e4nden entnehmen l\u00e4sst, dass der betroffene Sachverhalt abschlie\u00dfend gekl\u00e4rt ist. Ist der Zweck der \u00dcbermittlung Ihrer Daten eine Terminvereinbarung, so werden Ihre Daten im elektronischen Terminkalender unserer Praxis gespeichert. Die w\u00e4hrend des Absendevorgangs zus\u00e4tzlich erhobenen personenbezogenen Daten werden sp\u00e4testens nach einer Frist von sieben Tagen gel\u00f6scht.<br><strong>Widerspruchs- und Beseitigungsm\u00f6glichkeit<\/strong><br>Der Nutzer hat jederzeit die M\u00f6glichkeit, seine Einwilligung zur Verarbeitung der personenbezogenen Daten zu widerrufen. Nimmt der Nutzer per E-Mail Kontakt mit uns auf, so kann er der Speicherung seiner personenbezogenen Daten jederzeit widersprechen. In einem solchen Fall kann die Konversation nicht fortgef\u00fchrt werden.<br>Der Widerruf kann per Telefon: 07024 &#8211; 2981, per E-mail: kontakt@psychotherapie-gruenwald.eu oder per Fax 07024 &#8211; 928071 erfolgen Alle personenbezogenen Daten, die im Zuge der Kontaktaufnahme gespeichert wurden, werden in diesem Fall gel\u00f6scht.<br><strong>Rechte der betroffenen Person<\/strong><br>Die folgende Auflistung umfasst alle Rechte der Betroffenen nach der DSGVO. Rechte, die f\u00fcr die eigene Webseite keine Relevanz haben, m\u00fcssen nicht genannt werden. Insoweit kann die Auflistung gek\u00fcrzt werden. Werden personenbezogene Daten von Ihnen verarbeitet, sind Sie Betroffener i. S. d. DSGVO und es stehen Ihnen folgende Rechte gegen\u00fcber dem Verantwortlichen zu:<br><strong>Auskunftsrecht<\/strong><br>Sie k\u00f6nnen von dem Verantwortlichen eine Best\u00e4tigung dar\u00fcber verlangen, ob personenbezogene Daten, die Sie betreffen, von uns verarbeitet werden. Liegt eine solche Verarbeitung vor, k\u00f6nnen Sie \u00fcber folgende Informationen Auskunft verlangen:<br><br>(1) die Zwecke, zu denen die personenbezogenen Daten verarbeitet werden;<br>(2) die Kategorien von personenbezogenen Daten, welche verarbeitet werden;<br>(3) die Empf\u00e4nger bzw. die Kategorien von Empf\u00e4ngern, gegen\u00fcber denen die Sie betreffenden personenbezogenen Daten offengelegt wurden oder noch offengelegt werden;<br>(4) die geplante Dauer der Speicherung der Sie betreffenden personenbezogenen Daten oder, falls konkrete Angaben hierzu nicht m\u00f6glich sind, Kriterien f\u00fcr die Festlegung der Speicherdauer;<br>(5) das Bestehen eines Rechts auf Berichtigung oder L\u00f6schung der Sie betreffenden personenbezogenen Daten, eines Rechts auf Einschr\u00e4nkung der Verarbeitung durch den Verantwortlichen oder eines Widerspruchsrechts gegen diese Verarbeitung;<br>(6) das Bestehen eines Beschwerderechts bei einer Aufsichtsbeh\u00f6rde;<br>(7) alle verf\u00fcgbaren Informationen \u00fcber die Herkunft der Daten, wenn die personenbezogenen Daten nicht bei der betroffenen Person erhoben werden;<br>(8) das Bestehen einer automatisierten Entscheidungsfindung einschlie\u00dflich Profiling gem\u00e4\u00df Art.\u00a022 Abs.\u00a01 und 4 DSGVO und \u2013 zumindest in diesen F\u00e4llen \u2013 aussagekr\u00e4ftige Informationen \u00fcber die involvierte Logik sowie die Tragweite und die angestrebten Auswirkungen einer derartigen Verarbeitung f\u00fcr die betroffene Person.<br>Ihnen steht das Recht zu, Auskunft dar\u00fcber zu verlangen, ob die Sie betreffenden personenbezogenen Daten in ein Drittland oder an eine internationale Organisation \u00fcbermittelt werden. In diesem Zusammenhang k\u00f6nnen Sie verlangen, \u00fcber die geeigneten Garantien gem. Art.\u00a046 DSGVO im Zusammenhang mit der \u00dcbermittlung unterrichtet zu werden.<br><strong>Recht auf Berichtigung<\/strong><br>Sie haben ein Recht auf Berichtigung und\/oder Vervollst\u00e4ndigung gegen\u00fcber dem Verantwortlichen, sofern die verarbeiteten personenbezogenen Daten, die Sie betreffen, unrichtig oder unvollst\u00e4ndig sind. Der Verantwortliche hat die Berichtigung unverz\u00fcglich vorzunehmen.<br><strong>Recht auf Einschr\u00e4nkung der Verarbeitung<\/strong><br>Unter den folgenden Voraussetzungen k\u00f6nnen Sie die Einschr\u00e4nkung der Verarbeitung der Sie betreffenden personenbezogenen Daten verlangen:<br>(1) wenn Sie die Richtigkeit der Sie betreffenden personenbezogenen f\u00fcr eine Dauer bestreiten, die es dem Verantwortlichen erm\u00f6glicht, die Richtigkeit der personenbezogenen Daten zu \u00fcberpr\u00fcfen;<br>(2) die Verarbeitung unrechtm\u00e4\u00dfig ist und Sie die L\u00f6schung der personenbezogenen Daten ablehnen und stattdessen die Einschr\u00e4nkung der Nutzung der personenbezogenen Daten verlangen;<br>(3) der Verantwortliche die personenbezogenen Daten f\u00fcr die Zwecke der Verarbeitung nicht l\u00e4nger ben\u00f6tigt, Sie diese jedoch zur Geltendmachung, Aus\u00fcbung oder Verteidigung von Rechtsanspr\u00fcchen ben\u00f6tigen, oder<br>(4) wenn Sie Widerspruch gegen die Verarbeitung gem\u00e4\u00df Art.\u00a021 Abs.\u00a01 DSGVO eingelegt haben und noch nicht feststeht, ob die berechtigten Gr\u00fcnde des Verantwortlichen gegen\u00fcber Ihren Gr\u00fcnden \u00fcberwiegen.<br><br>Wurde die Verarbeitung der Sie betreffenden personenbezogenen Daten eingeschr\u00e4nkt, d\u00fcrfen diese Daten \u2013 von ihrer Speicherung abgesehen \u2013 nur mit Ihrer Einwilligung oder zur Geltendmachung, Aus\u00fcbung oder Verteidigung von Rechtsanspr\u00fcchen oder zum Schutz der Rechte einer anderen nat\u00fcrlichen oder juristischen Person oder aus Gr\u00fcnden eines wichtigen \u00f6ffentlichen Interesses der Union oder eines Mitgliedstaats verarbeitet werden. Wurde die Einschr\u00e4nkung der Verarbeitung nach den o.g. Voraussetzungen eingeschr\u00e4nkt, werden Sie von dem Verantwortlichen unterrichtet bevor die Einschr\u00e4nkung aufgehoben wird.<br><strong>Recht auf L\u00f6schung<\/strong><br><strong>L\u00f6schungspflicht<\/strong><br>Sie k\u00f6nnen von dem Verantwortlichen verlangen, dass die Sie betreffenden personenbezogenen Daten unverz\u00fcglich gel\u00f6scht werden, und der Verantwortliche ist verpflichtet, diese Daten unverz\u00fcglich zu l\u00f6schen, sofern einer der folgenden Gr\u00fcnde zutrifft:<br><br>(1) Die Sie betreffenden personenbezogenen Daten sind f\u00fcr die Zwecke, f\u00fcr die sie erhoben oder auf sonstige Weise verarbeitet wurden, nicht mehr notwendig.<br>(2) Sie widerrufen Ihre Einwilligung, auf die sich die Verarbeitung gem. Art.\u00a06 Abs.\u00a01 lit.\u00a0a oder Art.\u00a09 Abs.\u00a02 lit.\u00a0a DSGVO st\u00fctzte, und es fehlt an einer anderweitigen Rechtsgrundlage f\u00fcr die Verarbeitung.<br>(3) Sie legen gem. Art.\u00a021 Abs.\u00a01 DSGVO Widerspruch gegen die Verarbeitung ein und es liegen keine vorrangigen berechtigten Gr\u00fcnde f\u00fcr die Verarbeitung vor, oder Sie legen gem. Art.\u00a021 Abs.\u00a02 DSGVO Widerspruch gegen die Verarbeitung ein.<br>(4) Die Sie betreffenden personenbezogenen Daten wurden unrechtm\u00e4\u00dfig verarbeitet.<br>(5) Die L\u00f6schung der Sie betreffenden personenbezogenen Daten ist zur Erf\u00fcllung einer rechtlichen Verpflichtung nach dem Unionsrecht oder dem Recht der Mitgliedstaaten erforderlich, dem der Verantwortliche unterliegt.<br>(6) Die Sie betreffenden personenbezogenen Daten wurden in Bezug auf angebotene Dienste der Informationsgesellschaft gem\u00e4\u00df Art.\u00a08 Abs.\u00a01 DSGVO erhoben.<br><strong>Information an Dritte<\/strong><br>Hat der Verantwortliche die Sie betreffenden personenbezogenen Daten \u00f6ffentlich gemacht und ist er gem. Art.\u00a017 Abs.\u00a01 DSGVO zu deren L\u00f6schung verpflichtet, so trifft er unter Ber\u00fccksichtigung der verf\u00fcgbaren Technologie und der Implementierungskosten angemessene Ma\u00dfnahmen, auch technischer Art, um f\u00fcr die Datenverarbeitung Verantwortliche, die die personenbezogenen Daten verarbeiten, dar\u00fcber zu informieren, dass Sie als betroffene Person von ihnen die L\u00f6schung aller Links zu diesen personenbezogenen Daten oder von Kopien oder Replikationen dieser personenbezogenen Daten verlangt haben.<br><strong>Ausnahmen<\/strong><br>Das Recht auf L\u00f6schung besteht nicht, soweit die Verarbeitung erforderlich ist<br>(1) zur Aus\u00fcbung des Rechts auf freie Meinungs\u00e4u\u00dferung und Information;<br>(2) zur Erf\u00fcllung einer rechtlichen Verpflichtung, die die Verarbeitung nach dem Recht der Union oder der Mitgliedstaaten, dem der Verantwortliche unterliegt, erfordert, oder zur Wahrnehmung einer Aufgabe, die im \u00f6ffentlichen Interesse liegt oder in Aus\u00fcbung \u00f6ffentlicher Gewalt erfolgt, die dem Verantwortlichen \u00fcbertragen wurde;<br>(3) aus Gr\u00fcnden des \u00f6ffentlichen Interesses im Bereich der \u00f6ffentlichen Gesundheit gem\u00e4\u00df Art.\u00a09 Abs.\u00a02 lit.\u00a0h und i sowie Art.\u00a09 Abs.\u00a03 DSGVO;<br>(4) f\u00fcr im \u00f6ffentlichen Interesse liegende Archivzwecke, wissenschaftliche oder historische Forschungszwecke oder f\u00fcr statistische Zwecke gem. Art.\u00a089 Abs.\u00a01 DSGVO, soweit das unter Abschnitt a) genannte Recht voraussichtlich die Verwirklichung der Ziele dieser Verarbeitung unm\u00f6glich macht oder ernsthaft beeintr\u00e4chtigt, oder<br>(5) zur Geltendmachung, Aus\u00fcbung oder Verteidigung von Rechtsanspr\u00fcchen.<br><strong>Recht auf Unterrichtung<\/strong><br>Haben Sie das Recht auf Berichtigung, L\u00f6schung oder Einschr\u00e4nkung der Verarbeitung gegen\u00fcber dem Verantwortlichen geltend gemacht, ist dieser verpflichtet, allen Empf\u00e4ngern, denen die Sie betreffenden personenbezogenen Daten offengelegt wurden, diese Berichtigung oder L\u00f6schung der Daten oder Einschr\u00e4nkung der Verarbeitung mitzuteilen, es sei denn, dies erweist sich als unm\u00f6glich oder ist mit einem unverh\u00e4ltnism\u00e4\u00dfigen Aufwand verbunden. Ihnen steht gegen\u00fcber dem Verantwortlichen das Recht zu, \u00fcber diese Empf\u00e4nger unterrichtet zu werden.<br><strong>Recht auf Daten\u00fcbertragbarkeit<\/strong><br>Sie haben das Recht, die Sie betreffenden personenbezogenen Daten, die Sie dem Verantwortlichen bereitgestellt haben, in einem strukturierten, g\u00e4ngigen und maschinenlesbaren Format zu erhalten. Au\u00dferdem haben Sie das Recht, diese Daten einem anderen Verantwortlichen ohne Behinderung durch den Verantwortlichen, dem die personenbezogenen Daten bereitgestellt wurden, zu \u00fcbermitteln, sofern (1) die Verarbeitung auf einer Einwilligung gem. Art.\u00a06 Abs.\u00a01 lit.\u00a0a DSGVO oder Art.\u00a09 Abs.\u00a02 lit.\u00a0a DSGVO oder auf einem Vertrag gem. Art.\u00a06 Abs.\u00a01 lit.\u00a0b DSGVO beruht und (2) die Verarbeitung mithilfe automatisierter Verfahren erfolgt. In Aus\u00fcbung dieses Rechts haben Sie ferner das Recht, zu erwirken, dass die Sie betreffenden personenbezogenen Daten direkt von einem Verantwortlichen einem anderen Verantwortlichen \u00fcbermittelt werden, soweit dies technisch machbar ist. Freiheiten und Rechte anderer Personen d\u00fcrfen hierdurch nicht beeintr\u00e4chtigt werden. Das Recht auf Daten\u00fcbertragbarkeit gilt nicht f\u00fcr eine Verarbeitung personenbezogener Daten, die f\u00fcr die Wahrnehmung einer Aufgabe erforderlich ist, die im \u00f6ffentlichen Interesse liegt oder in Aus\u00fcbung \u00f6ffentlicher Gewalt erfolgt, die dem Verantwortlichen \u00fcbertragen wurde.<br><strong>Widerspruchsrecht<\/strong><br>Sie haben das Recht, aus Gr\u00fcnden, die sich aus ihrer besonderen Situation ergeben, jederzeit gegen die Verarbeitung der Sie betreffenden personenbezogenen Daten, die aufgrund von Art.\u00a06 Abs.\u00a01 lit.\u00a0e oder f DSGVO erfolgt, Widerspruch einzulegen; dies gilt auch f\u00fcr ein auf diese Bestimmungen gest\u00fctztes Profiling. Der Verantwortliche verarbeitet die Sie betreffenden personenbezogenen Daten nicht mehr, es sei denn, er kann zwingende schutzw\u00fcrdige Gr\u00fcnde f\u00fcr die Verarbeitung nachweisen, die Ihre Interessen, Rechte und Freiheiten \u00fcberwiegen, oder die Verarbeitung dient der Geltendmachung, Aus\u00fcbung oder Verteidigung von Rechtsanspr\u00fcchen. Werden die Sie betreffenden personenbezogenen Daten verarbeitet, um Direktwerbung zu betreiben, haben Sie das Recht, jederzeit Widerspruch gegen die Verarbeitung der Sie betreffenden personenbezogenen Daten zum Zwecke derartiger Werbung einzulegen; dies gilt auch f\u00fcr das Profiling, soweit es mit solcher Direktwerbung in Verbindung steht. Widersprechen Sie der Verarbeitung f\u00fcr Zwecke der Direktwerbung, so werden die Sie betreffenden personenbezogenen Daten nicht mehr f\u00fcr diese Zwecke verarbeitet. Sie haben die M\u00f6glichkeit, im Zusammenhang mit der Nutzung von Diensten der Informationsgesellschaft \u2013 ungeachtet der Richtlinie 2002\/58\/EG \u2013 Ihr Widerspruchsrecht mittels automatisierter Verfahren auszu\u00fcben, bei denen technische Spezifikationen verwendet werden.<br><strong>Recht auf Widerruf der datenschutzrechtlichen Einwilligungserkl\u00e4rung<\/strong><br>Sie haben das Recht, Ihre datenschutzrechtliche Einwilligungserkl\u00e4rung jederzeit zu widerrufen. Durch den Widerruf der Einwilligung wird die Rechtm\u00e4\u00dfigkeit der aufgrund der Einwilligung bis zum Widerruf erfolgten Verarbeitung nicht ber\u00fchrt.<br><strong>Recht auf Beschwerde bei einer Aufsichtsbeh\u00f6rde<\/strong><br>Unbeschadet eines anderweitigen verwaltungsrechtlichen oder gerichtlichen Rechtsbehelfs steht Ihnen das Recht auf Beschwerde bei einer Aufsichtsbeh\u00f6rde, insbesondere in dem Mitgliedstaat ihres Aufenthaltsorts, ihres Arbeitsplatzes oder des Orts des mutma\u00dflichen Versto\u00dfes, zu, wenn Sie der Ansicht sind, dass die Verarbeitung der Sie betreffenden personenbezogenen Daten gegen die DSGVO verst\u00f6\u00dft. Die Aufsichtsbeh\u00f6rde, bei der die Beschwerde eingereicht wurde, unterrichtet den Beschwerdef\u00fchrer \u00fcber den Stand und die Ergebnisse der Beschwerde einschlie\u00dflich der M\u00f6glichkeit eines gerichtlichen Rechtsbehelfs nach Art.\u00a078 DSGVO.<br>\u00a0<br>Patienteninformation zum Datenschutz<br><strong>Patienteninformation zum Datenschutz<\/strong><br>Sehr geehrte Patientin, sehr geehrter Patient, der Schutz Ihrer personenbezogenen Daten ist uns wichtig. Nach der EU-Datenschutz-Grundverordnung (DSGVO) sind wir verpflichtet, Sie dar\u00fcber zu informieren, zu welchem Zweck unsere Praxis Daten erhebt, speichert oder weiterleitet. Der Information k\u00f6nnen Sie auch entnehmen, welche Rechte Sie in puncto Datenschutz haben.<br><strong>1. Verantwortlichkeit f\u00fcr die Datenverarbeitung<\/strong><br><strong>Verantwortlich f\u00fcr die Datenverarbeitung ist:<\/strong><br>Praxisname: Dr. rer. nat. Dipl. psych. Julia Gr\u00fcnwald<br>Adresse: Pfauhauser Str. 26, 73240 Wendlingen<br>Kontaktdaten : Telefon: 07024 &#8211; 2981<br>Email: info@psychotherapie-gruenwald.eu<br><strong>Sie erreichen die\/den zust\u00e4ndige\/n Datenschutzbeauftragte\/n unter:<\/strong><br>Name: Dr. rer. nat. Dipl. psych. Julia Gr\u00fcnwald<br>Anschrift: Pfauhauser Str. 26, 73240 Wendlingen<br>Kontaktdaten: Telefon: 07024 &#8211; 2981<br>Email: mail@psychotherapie-gruenwald.eu<br><strong>2. Zweck der Datenverarbeitung<\/strong><br>Die Datenverarbeitung erfolgt aufgrund gesetzlicher Vorgaben, um den Behandlungsvertrag zwischen Ihnen und Ihrem Arzt und die damit verbundenen Pflichten zu erf\u00fcllen. Hierzu verarbeiten wir Ihre personenbezogenen Daten, insbesondere Ihre Gesundheitsdaten. Dazu z\u00e4hlen Anamnesen, Diagnosen, Therapievorschl\u00e4ge und Befunde, die wir oder andere \u00c4rzte erheben. Zu diesen Zwecken k\u00f6nnen uns auch andere \u00c4rzte oder Psychotherapeuten, bei denen Sie in Behandlung sind, Daten zur Verf\u00fcgung stellen (z.B. in Arztbriefen). Die Erhebung von Gesundheitsdaten ist Voraussetzung f\u00fcr Ihre Behandlung. Werden die notwendigen Informationen nicht bereitgestellt, kann eine sorgf\u00e4ltige Behandlung nicht erfolgen.<br><strong>3. Empf\u00e4nger Ihrer Daten<\/strong><br>Wir \u00fcbermitteln Ihre personenbezogenen Daten nur dann an Dritte, wenn dies gesetzlich erlaubt ist oder Sie eingewilligt haben. Empf\u00e4nger Ihrer personenbezogenen Daten k\u00f6nnen vor allem andere \u00c4rzte \/ Psychotherapeuten, Kassen\u00e4rztliche Vereinigungen, Krankenkassen, der Medizinische Dienst der Krankenversicherung, \u00c4rztekammern und privat\u00e4rztliche Verrechnungsstellen sein. Die \u00dcbermittlung erfolgt \u00fcberwiegend zum Zwecke der Abrechnung der bei Ihnen erbrachten Leistungen, zur Kl\u00e4rung von medizinischen und sich aus Ihrem Versicherungsverh\u00e4ltnis ergebenden Fragen. Im Einzelfall erfolgt die \u00dcbermittlung von Daten an weitere berechtigte Empf\u00e4nger.<br><strong>4. Speicherung Ihrer Daten<\/strong><br>Wir bewahren Ihre personenbezogenen Daten nur solange auf, wie dies f\u00fcr die Durchf\u00fchrung der Behandlung erforderlich ist. Aufgrund rechtlicher Vorgaben sind wir dazu verpflichtet, diese Daten mindestens 10 Jahre nach Abschluss der Behandlung aufzubewahren. Nach anderen Vorschriften k\u00f6nnen sich l\u00e4ngere Aufbewahrungsfristen ergeben, zum Beispiel 30 Jahre bei R\u00f6ntgenaufzeichnungen laut Paragraf 28 Absatz 3 der R\u00f6ntgenverordnung.<br><strong>5. Ihre Rechte<\/strong><br>Sie haben das Recht, \u00fcber die Sie betreffenden personenbezogenen Daten Auskunft zu erhalten. Auch k\u00f6nnen Sie die Berichtigung unrichtiger Daten verlangen. Dar\u00fcber hinaus steht Ihnen unter bestimmten Voraussetzungen das Recht auf L\u00f6schung von Daten, das Recht auf Einschr\u00e4nkung der Datenverarbeitung sowie das Recht auf Daten\u00fcbertragbarkeit zu. Die Verarbeitung Ihrer Daten erfolgt auf Basis von gesetzlichen Regelungen. Nur in Ausnahmef\u00e4llen ben\u00f6tigen wir Ihr Einverst\u00e4ndnis. In diesen F\u00e4llen haben Sie das Recht, die Einwilligung f\u00fcr die zuk\u00fcnftige Verarbeitung zu widerrufen. Sie haben ferner das Recht, sich bei der zust\u00e4ndigen Aufsichtsbeh\u00f6rde f\u00fcr den Datenschutz zu beschweren, wenn Sie der Ansicht sind, dass die Verarbeitung Ihrer personenbezogenen Daten nicht rechtm\u00e4\u00dfig erfolgt.<br>Die Anschrift der f\u00fcr uns zust\u00e4ndigen Aufsichtsbeh\u00f6rde lautet:<br><br>Name: Der Landesbeauftragte f\u00fcr den Datenschutz und die Informationsfreiheit<br>Anschrift: K\u00f6nigstr.10a, 70173 Stuttgart<br>Email: poststelle@lfdi.bwl.de<br><strong>6. Rechtliche Grundlagen<\/strong><br>Recohtsgrundlage f\u00fcr die Verarbeitung Ihrer Daten ist Artikel 9 Absatz 2 lit. h) DSGVO in Verbindung mit Paragraf 22 Absatz 1 Nr. 1 lit. b) Bundesdatenschutzgesetz. Sollten Sie Fragen haben, k\u00f6nnen Sie sich gern an uns wenden.<br><br><br><strong>Haftungsausschluss<\/strong><br><strong>Haftungshinweis:<\/strong><br>Trotz sorgf\u00e4ltiger inhaltlicher Kontrolle \u00fcbernehmen wir keine Haftung f\u00fcr die Inhalte externer Links. F\u00fcr den Inhalt der verlinkten Seiten sind ausschlie\u00dflich deren Betreiber verantwortlich.<br><strong>Hinweise f\u00fcr Abmahnversuche:<\/strong><br>Sollte der Inhalt oder die Aufmachung dieser Seiten fremde Rechte Dritter oder gesetzliche Bestimmungen verletzen, so wird um eine entsprechende Nachricht ohne Kostennote gebeten. Die Beseitigung einer m\u00f6glicherweise von diesen Seiten ausgehenden Schutzrecht-Verletzung durch Schutzrecht-Inhaber selbst darf nicht ohne Zustimmung stattfinden. Es wird gew\u00e4hrleistet, dass die zu Recht beanstandeten Passagen unverz\u00fcglich entfernt werden, ohne dass von Ihrerseits die Einschaltung eines Rechtsbeistandes erforderlich ist. Dennoch von Ihnen ohne vorherige Kontaktaufnahme ausgel\u00f6ste Kosten werden vollumf\u00e4nglich zur\u00fcckgewiesen und gegebenenfalls Gegenklage wegen Verletzung vorgenannter Bestimmungen eingereicht.<br>\u00a0<\/p>\n","protected":false},"excerpt":{"rendered":"<p>Datenschutzerkl\u00e4rung WebsiteI. Name und Anschrift des VerantwortlichenDer Verantwortliche im Sinne der Datenschutz-Grundverordnung und anderer nationaler Datenschutzgesetze der Mitgliedsstaaten sowie sonstiger datenschutzrechtlicher Bestimmungen ist: Dr. rer. nat. Dipl. psych. Julia Gr\u00fcnwaldPfauhauser Str. 2673240 WendlingenTelefon: 07024 &#8211; 2981Fax: 07024-928071E-Mail: info@psychotherapie-gruenwald.euWebsite: www.psychotherapie-gruenwald.euII. Name und Anschrift des DatenschutzbeauftragtenDer Datenschutzbeauftragte des Verantwortlichen ist: Dr. rer. nat. Dipl. psych. Julia Gr\u00fcnwaldPfauhauser&hellip; <a class=\"more-link\" href=\"https:\/\/psychotherapie-gruenwald.de\/site\/datenschutz-haftungsausschluss\/\"><span class=\"screen-reader-text\">Datenschutz<\/span> weiterlesen<\/a><\/p>\n","protected":false},"author":1,"featured_media":0,"parent":0,"menu_order":0,"comment_status":"closed","ping_status":"closed","template":"","meta":{"footnotes":""},"class_list":["post-21","page","type-page","status-publish","hentry","entry"],"yoast_head":"<!-- This site is optimized with the Yoast SEO plugin v24.0 - https:\/\/yoast.com\/wordpress\/plugins\/seo\/ -->\n<title>Datenschutz - Psychotherapeutische Praxis Dr. Julia Gr\u00fcnwald<\/title>\n<meta name=\"robots\" content=\"index, follow, max-snippet:-1, max-image-preview:large, max-video-preview:-1\" \/>\n<link rel=\"canonical\" href=\"https:\/\/psychotherapie-gruenwald.de\/site\/datenschutz-haftungsausschluss\/\" \/>\n<meta property=\"og:locale\" content=\"de_DE\" \/>\n<meta property=\"og:type\" content=\"article\" \/>\n<meta property=\"og:title\" content=\"Datenschutz - Psychotherapeutische Praxis Dr. Julia Gr\u00fcnwald\" \/>\n<meta property=\"og:description\" content=\"Datenschutzerkl\u00e4rung WebsiteI. Name und Anschrift des VerantwortlichenDer Verantwortliche im Sinne der Datenschutz-Grundverordnung und anderer nationaler Datenschutzgesetze der Mitgliedsstaaten sowie sonstiger datenschutzrechtlicher Bestimmungen ist: Dr. rer. nat. Dipl. psych. Julia Gr\u00fcnwaldPfauhauser Str. 2673240 WendlingenTelefon: 07024 &#8211; 2981Fax: 07024-928071E-Mail: info@psychotherapie-gruenwald.euWebsite: www.psychotherapie-gruenwald.euII. Name und Anschrift des DatenschutzbeauftragtenDer Datenschutzbeauftragte des Verantwortlichen ist: Dr. rer. nat. Dipl. psych. Julia Gr\u00fcnwaldPfauhauser&hellip; Datenschutz weiterlesen\" \/>\n<meta property=\"og:url\" content=\"https:\/\/psychotherapie-gruenwald.de\/site\/datenschutz-haftungsausschluss\/\" \/>\n<meta property=\"og:site_name\" content=\"Psychotherapeutische Praxis Dr. Julia Gr\u00fcnwald\" \/>\n<meta property=\"article:modified_time\" content=\"2024-10-14T09:01:14+00:00\" \/>\n<meta name=\"twitter:card\" content=\"summary_large_image\" \/>\n<meta name=\"twitter:label1\" content=\"Gesch\u00e4tzte Lesezeit\" \/>\n\t<meta name=\"twitter:data1\" content=\"17\u00a0Minuten\" \/>\n<script type=\"application\/ld+json\" class=\"yoast-schema-graph\">{\"@context\":\"https:\/\/schema.org\",\"@graph\":[{\"@type\":\"WebPage\",\"@id\":\"https:\/\/psychotherapie-gruenwald.de\/site\/datenschutz-haftungsausschluss\/\",\"url\":\"https:\/\/psychotherapie-gruenwald.de\/site\/datenschutz-haftungsausschluss\/\",\"name\":\"Datenschutz - Psychotherapeutische Praxis Dr. Julia Gr\u00fcnwald\",\"isPartOf\":{\"@id\":\"https:\/\/psychotherapie-gruenwald.de\/site\/#website\"},\"datePublished\":\"2024-10-14T06:54:21+00:00\",\"dateModified\":\"2024-10-14T09:01:14+00:00\",\"breadcrumb\":{\"@id\":\"https:\/\/psychotherapie-gruenwald.de\/site\/datenschutz-haftungsausschluss\/#breadcrumb\"},\"inLanguage\":\"de\",\"potentialAction\":[{\"@type\":\"ReadAction\",\"target\":[\"https:\/\/psychotherapie-gruenwald.de\/site\/datenschutz-haftungsausschluss\/\"]}]},{\"@type\":\"BreadcrumbList\",\"@id\":\"https:\/\/psychotherapie-gruenwald.de\/site\/datenschutz-haftungsausschluss\/#breadcrumb\",\"itemListElement\":[{\"@type\":\"ListItem\",\"position\":1,\"name\":\"Startseite\",\"item\":\"https:\/\/psychotherapie-gruenwald.de\/site\/\"},{\"@type\":\"ListItem\",\"position\":2,\"name\":\"Datenschutz\"}]},{\"@type\":\"WebSite\",\"@id\":\"https:\/\/psychotherapie-gruenwald.de\/site\/#website\",\"url\":\"https:\/\/psychotherapie-gruenwald.de\/site\/\",\"name\":\"Psychotherapeutische Praxis Dr. Julia Gr\u00fcnwald\",\"description\":\"\",\"publisher\":{\"@id\":\"https:\/\/psychotherapie-gruenwald.de\/site\/#organization\"},\"potentialAction\":[{\"@type\":\"SearchAction\",\"target\":{\"@type\":\"EntryPoint\",\"urlTemplate\":\"https:\/\/psychotherapie-gruenwald.de\/site\/?s={search_term_string}\"},\"query-input\":{\"@type\":\"PropertyValueSpecification\",\"valueRequired\":true,\"valueName\":\"search_term_string\"}}],\"inLanguage\":\"de\"},{\"@type\":\"Organization\",\"@id\":\"https:\/\/psychotherapie-gruenwald.de\/site\/#organization\",\"name\":\"Psychotherapeutische Praxis Dr. Julia Gr\u00fcnwald\",\"url\":\"https:\/\/psychotherapie-gruenwald.de\/site\/\",\"logo\":{\"@type\":\"ImageObject\",\"inLanguage\":\"de\",\"@id\":\"https:\/\/psychotherapie-gruenwald.de\/site\/#\/schema\/logo\/image\/\",\"url\":\"https:\/\/psychotherapie-gruenwald.de\/site\/wp-content\/uploads\/2024\/10\/logo-linksbuendig.png\",\"contentUrl\":\"https:\/\/psychotherapie-gruenwald.de\/site\/wp-content\/uploads\/2024\/10\/logo-linksbuendig.png\",\"width\":434,\"height\":118,\"caption\":\"Psychotherapeutische Praxis Dr. Julia Gr\u00fcnwald\"},\"image\":{\"@id\":\"https:\/\/psychotherapie-gruenwald.de\/site\/#\/schema\/logo\/image\/\"}}]}<\/script>\n<!-- \/ Yoast SEO plugin. -->","yoast_head_json":{"title":"Datenschutz - Psychotherapeutische Praxis Dr. Julia Gr\u00fcnwald","robots":{"index":"index","follow":"follow","max-snippet":"max-snippet:-1","max-image-preview":"max-image-preview:large","max-video-preview":"max-video-preview:-1"},"canonical":"https:\/\/psychotherapie-gruenwald.de\/site\/datenschutz-haftungsausschluss\/","og_locale":"de_DE","og_type":"article","og_title":"Datenschutz - Psychotherapeutische Praxis Dr. Julia Gr\u00fcnwald","og_description":"Datenschutzerkl\u00e4rung WebsiteI. Name und Anschrift des VerantwortlichenDer Verantwortliche im Sinne der Datenschutz-Grundverordnung und anderer nationaler Datenschutzgesetze der Mitgliedsstaaten sowie sonstiger datenschutzrechtlicher Bestimmungen ist: Dr. rer. nat. Dipl. psych. Julia Gr\u00fcnwaldPfauhauser Str. 2673240 WendlingenTelefon: 07024 &#8211; 2981Fax: 07024-928071E-Mail: info@psychotherapie-gruenwald.euWebsite: www.psychotherapie-gruenwald.euII. Name und Anschrift des DatenschutzbeauftragtenDer Datenschutzbeauftragte des Verantwortlichen ist: Dr. rer. nat. Dipl. psych. Julia Gr\u00fcnwaldPfauhauser&hellip; Datenschutz weiterlesen","og_url":"https:\/\/psychotherapie-gruenwald.de\/site\/datenschutz-haftungsausschluss\/","og_site_name":"Psychotherapeutische Praxis Dr. Julia Gr\u00fcnwald","article_modified_time":"2024-10-14T09:01:14+00:00","twitter_card":"summary_large_image","twitter_misc":{"Gesch\u00e4tzte Lesezeit":"17\u00a0Minuten"},"schema":{"@context":"https:\/\/schema.org","@graph":[{"@type":"WebPage","@id":"https:\/\/psychotherapie-gruenwald.de\/site\/datenschutz-haftungsausschluss\/","url":"https:\/\/psychotherapie-gruenwald.de\/site\/datenschutz-haftungsausschluss\/","name":"Datenschutz - Psychotherapeutische Praxis Dr. Julia Gr\u00fcnwald","isPartOf":{"@id":"https:\/\/psychotherapie-gruenwald.de\/site\/#website"},"datePublished":"2024-10-14T06:54:21+00:00","dateModified":"2024-10-14T09:01:14+00:00","breadcrumb":{"@id":"https:\/\/psychotherapie-gruenwald.de\/site\/datenschutz-haftungsausschluss\/#breadcrumb"},"inLanguage":"de","potentialAction":[{"@type":"ReadAction","target":["https:\/\/psychotherapie-gruenwald.de\/site\/datenschutz-haftungsausschluss\/"]}]},{"@type":"BreadcrumbList","@id":"https:\/\/psychotherapie-gruenwald.de\/site\/datenschutz-haftungsausschluss\/#breadcrumb","itemListElement":[{"@type":"ListItem","position":1,"name":"Startseite","item":"https:\/\/psychotherapie-gruenwald.de\/site\/"},{"@type":"ListItem","position":2,"name":"Datenschutz"}]},{"@type":"WebSite","@id":"https:\/\/psychotherapie-gruenwald.de\/site\/#website","url":"https:\/\/psychotherapie-gruenwald.de\/site\/","name":"Psychotherapeutische Praxis Dr. Julia Gr\u00fcnwald","description":"","publisher":{"@id":"https:\/\/psychotherapie-gruenwald.de\/site\/#organization"},"potentialAction":[{"@type":"SearchAction","target":{"@type":"EntryPoint","urlTemplate":"https:\/\/psychotherapie-gruenwald.de\/site\/?s={search_term_string}"},"query-input":{"@type":"PropertyValueSpecification","valueRequired":true,"valueName":"search_term_string"}}],"inLanguage":"de"},{"@type":"Organization","@id":"https:\/\/psychotherapie-gruenwald.de\/site\/#organization","name":"Psychotherapeutische Praxis Dr. Julia Gr\u00fcnwald","url":"https:\/\/psychotherapie-gruenwald.de\/site\/","logo":{"@type":"ImageObject","inLanguage":"de","@id":"https:\/\/psychotherapie-gruenwald.de\/site\/#\/schema\/logo\/image\/","url":"https:\/\/psychotherapie-gruenwald.de\/site\/wp-content\/uploads\/2024\/10\/logo-linksbuendig.png","contentUrl":"https:\/\/psychotherapie-gruenwald.de\/site\/wp-content\/uploads\/2024\/10\/logo-linksbuendig.png","width":434,"height":118,"caption":"Psychotherapeutische Praxis Dr. Julia Gr\u00fcnwald"},"image":{"@id":"https:\/\/psychotherapie-gruenwald.de\/site\/#\/schema\/logo\/image\/"}}]}},"_links":{"self":[{"href":"https:\/\/psychotherapie-gruenwald.de\/site\/wp-json\/wp\/v2\/pages\/21","targetHints":{"allow":["GET"]}}],"collection":[{"href":"https:\/\/psychotherapie-gruenwald.de\/site\/wp-json\/wp\/v2\/pages"}],"about":[{"href":"https:\/\/psychotherapie-gruenwald.de\/site\/wp-json\/wp\/v2\/types\/page"}],"author":[{"embeddable":true,"href":"https:\/\/psychotherapie-gruenwald.de\/site\/wp-json\/wp\/v2\/users\/1"}],"replies":[{"embeddable":true,"href":"https:\/\/psychotherapie-gruenwald.de\/site\/wp-json\/wp\/v2\/comments?post=21"}],"version-history":[{"count":3,"href":"https:\/\/psychotherapie-gruenwald.de\/site\/wp-json\/wp\/v2\/pages\/21\/revisions"}],"predecessor-version":[{"id":37,"href":"https:\/\/psychotherapie-gruenwald.de\/site\/wp-json\/wp\/v2\/pages\/21\/revisions\/37"}],"wp:attachment":[{"href":"https:\/\/psychotherapie-gruenwald.de\/site\/wp-json\/wp\/v2\/media?parent=21"}],"curies":[{"name":"wp","href":"https:\/\/api.w.org\/{rel}","templated":true}]}}